{"id":12953,"date":"2023-04-13T14:38:43","date_gmt":"2023-04-13T12:38:43","guid":{"rendered":"https:\/\/uk-kongress.org\/posterausstellung\/"},"modified":"2025-10-23T09:22:53","modified_gmt":"2025-10-23T07:22:53","slug":"poster-exhibition","status":"publish","type":"page","link":"https:\/\/uk-kongress.org\/en\/poster-exhibition\/","title":{"rendered":"Poster Exhibition"},"content":{"rendered":"<p><div class=\"fusion-fullwidth fullwidth-box fusion-builder-row-1 fusion-flex-container has-pattern-background has-mask-background nonhundred-percent-fullwidth non-hundred-percent-height-scrolling\" style=\"--awb-border-radius-top-left:0px;--awb-border-radius-top-right:0px;--awb-border-radius-bottom-right:0px;--awb-border-radius-bottom-left:0px;--awb-padding-right:0px;--awb-padding-left:0px;--awb-flex-wrap:wrap;\" ><div class=\"fusion-builder-row fusion-row fusion-flex-align-items-flex-end fusion-flex-content-wrap\" style=\"max-width:1248px;margin-left: calc(-4% \/ 2 );margin-right: calc(-4% \/ 2 );\"><div class=\"fusion-layout-column fusion_builder_column fusion-builder-column-0 fusion_builder_column_2_3 2_3 fusion-flex-column\" style=\"--awb-padding-right:0px;--awb-padding-left:0px;--awb-bg-size:cover;--awb-width-large:66.6666666667%;--awb-margin-top-large:0px;--awb-spacing-right-large:2.88%;--awb-margin-bottom-large:20px;--awb-spacing-left-large:2.88%;--awb-width-medium:66.6666666667%;--awb-order-medium:0;--awb-spacing-right-medium:2.88%;--awb-spacing-left-medium:2.88%;--awb-width-small:100%;--awb-order-small:0;--awb-spacing-right-small:1.92%;--awb-spacing-left-small:1.92%;\"><div class=\"fusion-column-wrapper fusion-column-has-shadow fusion-flex-justify-content-flex-start fusion-content-layout-column\"><div class=\"fusion-title title fusion-title-1 fusion-sep-none fusion-title-text fusion-title-size-one\" style=\"--awb-margin-top:4%;--awb-margin-top-small:10px;--awb-margin-right-small:6%;--awb-margin-bottom-small:10px;--awb-margin-left-small:6%;--awb-margin-right-medium:6%;--awb-margin-left-medium:6%;--awb-sep-color:#a74592;\"><h1 class=\"fusion-title-heading title-heading-left fusion-responsive-typography-calculated\" style=\"margin:0;--fontSize:50;line-height:1.16;\">Poster Exhibition<\/h1><\/div><\/div><\/div><div class=\"fusion-layout-column fusion_builder_column fusion-builder-column-1 fusion_builder_column_1_3 1_3 fusion-flex-column\" style=\"--awb-padding-right:0px;--awb-padding-bottom:0px;--awb-padding-left:0px;--awb-bg-size:cover;--awb-width-large:33.3333333333%;--awb-margin-top-large:0px;--awb-spacing-right-large:0px;--awb-margin-bottom-large:20px;--awb-spacing-left-large:0px;--awb-width-medium:33.3333333333%;--awb-order-medium:0;--awb-spacing-right-medium:0px;--awb-spacing-left-medium:0px;--awb-width-small:100%;--awb-order-small:0;--awb-spacing-right-small:1.92%;--awb-spacing-left-small:1.92%;\"><div class=\"fusion-column-wrapper fusion-column-has-shadow fusion-flex-justify-content-flex-start fusion-content-layout-column\"><div class=\"fusion-image-element \" style=\"--awb-caption-title-font-family:var(--h2_typography-font-family);--awb-caption-title-font-weight:var(--h2_typography-font-weight);--awb-caption-title-font-style:var(--h2_typography-font-style);--awb-caption-title-size:var(--h2_typography-font-size);--awb-caption-title-transform:var(--h2_typography-text-transform);--awb-caption-title-line-height:var(--h2_typography-line-height);--awb-caption-title-letter-spacing:var(--h2_typography-letter-spacing);\"><span class=\" fusion-imageframe imageframe-none imageframe-1 hover-type-none\"><img decoding=\"async\" width=\"600\" height=\"210\" title=\"HeaderUnterseite_UK2023_SS_17082022\" src=\"https:\/\/uk-kongress.org\/wp-content\/uploads\/2022\/08\/HeaderUnterseite_UK2023_SS_17082022.jpg\" alt class=\"img-responsive wp-image-12858\" srcset=\"https:\/\/uk-kongress.org\/wp-content\/uploads\/2022\/08\/HeaderUnterseite_UK2023_SS_17082022-200x70.jpg 200w, https:\/\/uk-kongress.org\/wp-content\/uploads\/2022\/08\/HeaderUnterseite_UK2023_SS_17082022-400x140.jpg 400w, https:\/\/uk-kongress.org\/wp-content\/uploads\/2022\/08\/HeaderUnterseite_UK2023_SS_17082022.jpg 600w\" sizes=\"(max-width: 640px) 100vw, 600px\" \/><\/span><\/div><\/div><\/div><div class=\"fusion-layout-column fusion_builder_column fusion-builder-column-2 fusion_builder_column_1_1 1_1 fusion-flex-column\" style=\"--awb-padding-top:0px;--awb-padding-right:0px;--awb-padding-bottom:0px;--awb-padding-left:0px;--awb-bg-size:cover;--awb-border-color:var(--awb-color4);--awb-border-top:4px;--awb-border-style:solid;--awb-width-large:100%;--awb-margin-top-large:-20px;--awb-spacing-right-large:0px;--awb-margin-bottom-large:20px;--awb-spacing-left-large:0px;--awb-width-medium:100%;--awb-order-medium:0;--awb-spacing-right-medium:0px;--awb-spacing-left-medium:0px;--awb-width-small:100%;--awb-order-small:0;--awb-spacing-right-small:1.92%;--awb-spacing-left-small:1.92%;\"><div class=\"fusion-column-wrapper fusion-column-has-shadow fusion-flex-justify-content-flex-end fusion-content-layout-column\"><\/div><\/div><\/div><\/div><div class=\"fusion-fullwidth fullwidth-box fusion-builder-row-2 fusion-flex-container nonhundred-percent-fullwidth non-hundred-percent-height-scrolling\" style=\"--awb-border-radius-top-left:0px;--awb-border-radius-top-right:0px;--awb-border-radius-bottom-right:0px;--awb-border-radius-bottom-left:0px;--awb-margin-bottom:24px;--awb-flex-wrap:wrap;\" ><div class=\"fusion-builder-row fusion-row fusion-flex-align-items-flex-start fusion-flex-content-wrap\" style=\"max-width:1248px;margin-left: calc(-4% \/ 2 );margin-right: calc(-4% \/ 2 );\"><div class=\"fusion-layout-column fusion_builder_column fusion-builder-column-3 fusion_builder_column_1_1 1_1 fusion-flex-column\" style=\"--awb-bg-size:cover;--awb-width-large:100%;--awb-margin-top-large:0px;--awb-spacing-right-large:1.92%;--awb-margin-bottom-large:20px;--awb-spacing-left-large:1.92%;--awb-width-medium:100%;--awb-order-medium:0;--awb-spacing-right-medium:1.92%;--awb-spacing-left-medium:1.92%;--awb-width-small:100%;--awb-order-small:0;--awb-spacing-right-small:1.92%;--awb-spacing-left-small:1.92%;\"><div class=\"fusion-column-wrapper fusion-column-has-shadow fusion-flex-justify-content-flex-start fusion-content-layout-column\"><div class=\"fusion-text fusion-text-1\"><p data-start=\"116\" data-end=\"344\"><strong data-start=\"116\" data-end=\"132\">Please note:<\/strong><\/p>\n<p data-start=\"116\" data-end=\"344\"><br data-start=\"132\" data-end=\"135\" \/>There will be <strong data-start=\"149\" data-end=\"176\">no digital presentation<\/strong>, in order to ensure equal visibility and accessibility of all contributions. This way, all posters will be <strong data-start=\"284\" data-end=\"341\">simultaneously and openly visible to all participants<\/strong>.<\/p>\n<p data-start=\"346\" data-end=\"507\">The <strong data-start=\"350\" data-end=\"371\">poster exhibition<\/strong> will take place in the <strong data-start=\"395\" data-end=\"408\">Gro\u00dfer Saal<\/strong>. On site, you will find your <strong data-start=\"438\" data-end=\"455\">poster number<\/strong> as well as the <strong data-start=\"471\" data-end=\"504\">materials needed for mounting<\/strong>.<\/p>\n<p data-start=\"346\" data-end=\"507\">The poster exhibition is located in the Gro\u00dfer Saal.<br \/>\nOn Friday, the authors will be available at their posters for questions\/discussions at the following times:<br \/>\nP1-3: Morning coffee break . 10:45-11:15<br \/>\nP4-6: Afternoon coffee break . 15:30-16:00<\/p>\n<\/div><\/div><\/div><div class=\"fusion-layout-column fusion_builder_column fusion-builder-column-4 fusion_builder_column_1_1 1_1 fusion-flex-column\" style=\"--awb-bg-size:cover;--awb-width-large:100%;--awb-margin-top-large:0px;--awb-spacing-right-large:1.92%;--awb-margin-bottom-large:20px;--awb-spacing-left-large:1.92%;--awb-width-medium:100%;--awb-order-medium:0;--awb-spacing-right-medium:1.92%;--awb-spacing-left-medium:1.92%;--awb-width-small:100%;--awb-order-small:0;--awb-spacing-right-small:1.92%;--awb-spacing-left-small:1.92%;\"><div class=\"fusion-column-wrapper fusion-column-has-shadow fusion-flex-justify-content-flex-start fusion-content-layout-column\"><div class=\"fusion-title title fusion-title-2 fusion-sep-none fusion-title-text fusion-title-size-three\" style=\"--awb-margin-top:4%;--awb-margin-top-small:10px;--awb-margin-right-small:0px;--awb-margin-bottom-small:10px;--awb-margin-left-small:0px;--awb-sep-color:#a74592;\"><h3 class=\"fusion-title-heading title-heading-left fusion-responsive-typography-calculated\" style=\"margin:0;--fontSize:32;line-height:1.3;\">Poster<\/h3><\/div><div class=\"fusion-separator fusion-full-width-sep\" style=\"align-self: flex-start;margin-right:auto;margin-top:10px;margin-bottom:30px;width:100%;max-width:100%;\"><div class=\"fusion-separator-border sep-single sep-solid\" style=\"--awb-height:20px;--awb-amount:20px;--awb-sep-color:var(--awb-color4);border-color:var(--awb-color4);border-top-width:2px;\"><\/div><\/div><\/div><\/div><div class=\"fusion-layout-column fusion_builder_column fusion-builder-column-5 fusion_builder_column_1_1 1_1 fusion-flex-column\" style=\"--awb-bg-color:#ffffff;--awb-bg-color-hover:#ffffff;--awb-bg-size:cover;--awb-width-large:100%;--awb-margin-top-large:0px;--awb-spacing-right-large:0.48%;--awb-margin-bottom-large:20px;--awb-spacing-left-large:1.92%;--awb-width-medium:100%;--awb-spacing-right-medium:0.48%;--awb-spacing-left-medium:1.92%;--awb-width-small:100%;--awb-spacing-right-small:1.92%;--awb-spacing-left-small:1.92%;\"><div class=\"fusion-column-wrapper fusion-column-has-shadow fusion-flex-justify-content-flex-start fusion-content-layout-column\"><div class=\"fusion-builder-row fusion-builder-row-inner fusion-row fusion-flex-align-items-flex-start fusion-flex-content-wrap\" style=\"--awb-flex-grow:0;--awb-flex-grow-medium:0;--awb-flex-grow-small:0;--awb-flex-shrink:0;--awb-flex-shrink-medium:0;--awb-flex-shrink-small:0;width:104% !important;max-width:104% !important;margin-left: calc(-4% \/ 2 );margin-right: calc(-4% \/ 2 );\"><div class=\"fusion-layout-column fusion_builder_column_inner fusion-builder-nested-column-0 fusion_builder_column_inner_1_1 1_1 fusion-flex-column\" style=\"--awb-padding-top:12px;--awb-padding-right:12px;--awb-padding-bottom:2px;--awb-padding-left:12px;--awb-bg-color:#f2f2f2;--awb-bg-color-hover:#f2f2f2;--awb-bg-size:cover;--awb-border-color:#ffffff;--awb-border-top:0;--awb-border-right:0;--awb-border-bottom:2px;--awb-border-left:0;--awb-border-style:solid;--awb-width-large:100%;--awb-margin-top-large:0px;--awb-spacing-right-large:1.92%;--awb-margin-bottom-large:0px;--awb-spacing-left-large:1.92%;--awb-width-medium:100%;--awb-order-medium:0;--awb-spacing-right-medium:1.92%;--awb-spacing-left-medium:1.92%;--awb-width-small:100%;--awb-order-small:0;--awb-spacing-right-small:1.92%;--awb-spacing-left-small:1.92%;\"><div class=\"fusion-column-wrapper fusion-column-has-shadow fusion-flex-justify-content-flex-start fusion-content-layout-column\"><div class=\"fusion-text fusion-text-2\" style=\"--awb-text-transform:none;\"><p><strong>1 | Lina und Umut Comics &#8211; Comics in Leichter Sprache<\/strong><br \/>\nI.-M. Jacobs<\/p>\n<\/div><div class=\"accordian fusion-accordian\" style=\"--awb-border-size:1px;--awb-icon-size:16px;--awb-content-font-size:14px;--awb-icon-alignment:left;--awb-hover-color:#f9f9fb;--awb-border-color:#e2e2e2;--awb-background-color:#ffffff;--awb-divider-color:#e2e2e2;--awb-divider-hover-color:#e2e2e2;--awb-icon-color:var(--awb-color5);--awb-title-color:var(--awb-color5);--awb-content-color:#3a3a3a;--awb-icon-box-color:var(--awb-color1);--awb-toggle-hover-accent-color:var(--awb-color4);--awb-title-font-family:-apple-system, BlinkMacSystemFont, &#039;Segoe UI&#039;, Roboto, Oxygen-Sans, Ubuntu, Cantarell, &#039;Helvetica Neue&#039; ,sans-serif;--awb-title-font-weight:400;--awb-title-font-style:normal;--awb-content-font-family:&quot;Open Sans&quot;;--awb-content-font-style:normal;--awb-content-font-weight:400;\"><div class=\"panel-group fusion-toggle-icon-unboxed\" id=\"accordion-12953-1\"><div class=\"fusion-panel panel-default panel-70df8996b65e59b85 fusion-toggle-has-divider\" style=\"--awb-title-color:var(--awb-color5);--awb-content-color:#3a3a3a;\"><div class=\"panel-heading\"><h5 class=\"panel-title toggle\" id=\"toggle_70df8996b65e59b85\"><a aria-expanded=\"false\" aria-controls=\"70df8996b65e59b85\" role=\"button\" data-toggle=\"collapse\" data-target=\"#70df8996b65e59b85\" href=\"#70df8996b65e59b85\"><span class=\"fusion-toggle-icon-wrapper\" aria-hidden=\"true\"><i class=\"fa-fusion-box active-icon fa-angle-right fas\" aria-hidden=\"true\"><\/i><i class=\"fa-fusion-box inactive-icon fa-angle-double-right fas\" aria-hidden=\"true\"><\/i><\/span><span class=\"fusion-toggle-heading\">contribution<\/span><\/a><\/h5><\/div><div id=\"70df8996b65e59b85\" class=\"panel-collapse collapse \" aria-labelledby=\"toggle_70df8996b65e59b85\"><div class=\"panel-body toggle-content fusion-clearfix\">\n<p>Seit Februar 2024 erscheint alle sechs Wochen ein kurzer Comic in Leichter Sprache, der die Abenteuer von Lina und Umut erz\u00e4hlt. Beide besitzen Superkr\u00e4fte und k\u00e4mpfen gegen Kommunikationsbarrieren. Sie setzen sich aktiv f\u00fcr Unterst\u00fctzte Kommunikation und Leichte Sprache ein.<\/p>\n<p>Die Comics entstehen in inklusiver Zusammenarbeit mit UK-Nutzer*innen und Menschen mit Lernschwierigkeit und werden von Pr\u00fcfer*innen f\u00fcr Leichte Sprache auf Verst\u00e4ndlichkeit gepr\u00fcft. Die Erlebnisse von Lina und Umut basieren auf den Erz\u00e4hlungen eben dieser Menschen, die ihre Alltagsgeschichten und Herausforderungen in der Kommunikation berichten. Diese pers\u00f6nlichen Erfahrungen bilden die Grundlage f\u00fcr die Geschichten der beiden Superhelden. Durch Umut als Superheld der Unterst\u00fctzten Kommunikation soll Menschen mit Kommunikationseinschr\u00e4nkungen ein starkes und inspirierendes Vorbild geboten werden.<\/p>\n<p>Die Comics entstehen im Rahmen des Programmes \u201eBayern barrierefrei\u201c.<\/p>\n<p>Seit 1. Januar 2023 ist die CAB Caritas Augsburg Betriebstr\u00e4ger gGmbH (CAB) mit ihrer Beratungsstelle f\u00fcr Unterst\u00fctzte Kommunikation und dem Fach-Zentrum f\u00fcr Leichte Sprache Kooperationspartnerin des Programms \u201eBayern barrierefrei\u201c der Bayerischen Staatsregierung.<\/p>\n<\/div><\/div><\/div><\/div><\/div><\/div><\/div><div class=\"fusion-layout-column fusion_builder_column_inner fusion-builder-nested-column-1 fusion_builder_column_inner_1_1 1_1 fusion-flex-column\" style=\"--awb-padding-top:12px;--awb-padding-right:12px;--awb-padding-bottom:2px;--awb-padding-left:12px;--awb-bg-color:#f2f2f2;--awb-bg-color-hover:#f2f2f2;--awb-bg-size:cover;--awb-border-color:#ffffff;--awb-border-top:0;--awb-border-right:0;--awb-border-bottom:2px;--awb-border-left:0;--awb-border-style:solid;--awb-width-large:100%;--awb-margin-top-large:0px;--awb-spacing-right-large:1.92%;--awb-margin-bottom-large:0px;--awb-spacing-left-large:1.92%;--awb-width-medium:100%;--awb-order-medium:0;--awb-spacing-right-medium:1.92%;--awb-spacing-left-medium:1.92%;--awb-width-small:100%;--awb-order-small:0;--awb-spacing-right-small:1.92%;--awb-spacing-left-small:1.92%;\"><div class=\"fusion-column-wrapper fusion-column-has-shadow fusion-flex-justify-content-flex-start fusion-content-layout-column\"><div class=\"fusion-text fusion-text-3\" style=\"--awb-text-transform:none;\"><p><strong>2 | <\/strong><strong>Kommunikative Partizipation und UK-Bedarf von Kindern und Jugendlichen mit einer neuromuskul\u00e4ren Erkrankung<br \/>\n<\/strong>J. Schellen<\/p>\n<\/div><div class=\"accordian fusion-accordian\" style=\"--awb-border-size:1px;--awb-icon-size:16px;--awb-content-font-size:14px;--awb-icon-alignment:left;--awb-hover-color:#f9f9fb;--awb-border-color:#e2e2e2;--awb-background-color:#ffffff;--awb-divider-color:#e2e2e2;--awb-divider-hover-color:#e2e2e2;--awb-icon-color:var(--awb-color5);--awb-title-color:var(--awb-color5);--awb-content-color:#3a3a3a;--awb-icon-box-color:var(--awb-color1);--awb-toggle-hover-accent-color:var(--awb-color4);--awb-title-font-family:-apple-system, BlinkMacSystemFont, &#039;Segoe UI&#039;, Roboto, Oxygen-Sans, Ubuntu, Cantarell, &#039;Helvetica Neue&#039; ,sans-serif;--awb-title-font-weight:400;--awb-title-font-style:normal;--awb-content-font-family:&quot;Open Sans&quot;;--awb-content-font-style:normal;--awb-content-font-weight:400;\"><div class=\"panel-group fusion-toggle-icon-unboxed\" id=\"accordion-12953-2\"><div class=\"fusion-panel panel-default panel-fd6664a1a5a4898c4 fusion-toggle-has-divider\" style=\"--awb-title-color:var(--awb-color5);--awb-content-color:#3a3a3a;\"><div class=\"panel-heading\"><h5 class=\"panel-title toggle\" id=\"toggle_fd6664a1a5a4898c4\"><a aria-expanded=\"false\" aria-controls=\"fd6664a1a5a4898c4\" role=\"button\" data-toggle=\"collapse\" data-target=\"#fd6664a1a5a4898c4\" href=\"#fd6664a1a5a4898c4\"><span class=\"fusion-toggle-icon-wrapper\" aria-hidden=\"true\"><i class=\"fa-fusion-box active-icon fa-angle-right fas\" aria-hidden=\"true\"><\/i><i class=\"fa-fusion-box inactive-icon fa-angle-double-right fas\" aria-hidden=\"true\"><\/i><\/span><span class=\"fusion-toggle-heading\">contribution<\/span><\/a><\/h5><\/div><div id=\"fd6664a1a5a4898c4\" class=\"panel-collapse collapse \" aria-labelledby=\"toggle_fd6664a1a5a4898c4\"><div class=\"panel-body toggle-content fusion-clearfix\">\n<p>Die Anzahl neuromuskul\u00e4rer Erkrankungen (NME) im Kindes- und Jugendalter wird je nach Autor:innen zwischen 650 und 800 angegeben. Die einzelnen Erkrankungen unterscheiden sich hinsichtlich ihrer Ursachen, Auspr\u00e4gungsformen, Verl\u00e4ufe und Behandlungsm\u00f6glichkeiten teils erheblich. Kinder und Jugendliche mit einer neuromuskul\u00e4ren Erkrankung stellen im Rahmen der UK F\u00f6rderung bisher nur eine Randgruppe dar. An Schweizer F\u00f6rderschulen machen diese Kinder jedoch bereits die dritth\u00e4ufigste Gruppe (14,6%) mit dem Schwerpunkt k\u00f6rperliche und motorische Entwicklung aus (Willke &amp; Schriber, 2021).<br \/>\nBisher liegen keine Daten aus Deutschland dazu vor, ob, wann und wie Kinder mit einer Muskelerkrankung mit Heil- und Hilfsmitteln mit dem Schwerpunkt Kommunikation versorgt werden. Vorgestellt werden erste Daten zur Pr\u00e4valenz begleitender Kommunikationsst\u00f6rungen sowie der Hilfsmittelversorgung von Kindern mit einer Muskelerkrankung.<br \/>\nDie pr\u00e4sentierten Daten liefern den Akteuren in Kita, Schule, Therapie und Medizin Hinweise auf anstehende UK Versorgungsprozesse. Sie k\u00f6nnen Familien mit einem Kind mit Muskelerkrankung so bereits fr\u00fchzeitig unterst\u00fctzen, um die kommunikative Partizipation trotz fortschreitender Erkrankung zu sichern.<\/p>\n<\/div><\/div><\/div><\/div><\/div><\/div><\/div><div class=\"fusion-layout-column fusion_builder_column_inner fusion-builder-nested-column-2 fusion_builder_column_inner_1_1 1_1 fusion-flex-column\" style=\"--awb-padding-top:12px;--awb-padding-right:12px;--awb-padding-bottom:2px;--awb-padding-left:12px;--awb-bg-color:#f2f2f2;--awb-bg-color-hover:#f2f2f2;--awb-bg-size:cover;--awb-border-color:#ffffff;--awb-border-top:0;--awb-border-right:0;--awb-border-bottom:2px;--awb-border-left:0;--awb-border-style:solid;--awb-width-large:100%;--awb-margin-top-large:0px;--awb-spacing-right-large:1.92%;--awb-margin-bottom-large:0px;--awb-spacing-left-large:1.92%;--awb-width-medium:100%;--awb-order-medium:0;--awb-spacing-right-medium:1.92%;--awb-spacing-left-medium:1.92%;--awb-width-small:100%;--awb-order-small:0;--awb-spacing-right-small:1.92%;--awb-spacing-left-small:1.92%;\"><div class=\"fusion-column-wrapper fusion-column-has-shadow fusion-flex-justify-content-flex-start fusion-content-layout-column\"><div class=\"fusion-text fusion-text-4\" style=\"--awb-text-transform:none;\"><p><strong>3 | <\/strong><strong>&#8220;Diz A\u00ed&#8221; alternative communication campaign by ISAAC Brasil, at the HTO hospital in Feira de Santana BA<br \/>\n<\/strong>P. N.D.S. de Magalhaes<\/p>\n<\/div><div class=\"accordian fusion-accordian\" style=\"--awb-border-size:1px;--awb-icon-size:16px;--awb-content-font-size:14px;--awb-icon-alignment:left;--awb-hover-color:#f9f9fb;--awb-border-color:#e2e2e2;--awb-background-color:#ffffff;--awb-divider-color:#e2e2e2;--awb-divider-hover-color:#e2e2e2;--awb-icon-color:var(--awb-color5);--awb-title-color:var(--awb-color5);--awb-content-color:#3a3a3a;--awb-icon-box-color:var(--awb-color1);--awb-toggle-hover-accent-color:var(--awb-color4);--awb-title-font-family:-apple-system, BlinkMacSystemFont, &#039;Segoe UI&#039;, Roboto, Oxygen-Sans, Ubuntu, Cantarell, &#039;Helvetica Neue&#039; ,sans-serif;--awb-title-font-weight:400;--awb-title-font-style:normal;--awb-content-font-family:&quot;Open Sans&quot;;--awb-content-font-style:normal;--awb-content-font-weight:400;\"><div class=\"panel-group fusion-toggle-icon-unboxed\" id=\"accordion-12953-3\"><div class=\"fusion-panel panel-default panel-b94946ba86aecbb9c fusion-toggle-has-divider\" style=\"--awb-title-color:var(--awb-color5);--awb-content-color:#3a3a3a;\"><div class=\"panel-heading\"><h5 class=\"panel-title toggle\" id=\"toggle_b94946ba86aecbb9c\"><a aria-expanded=\"false\" aria-controls=\"b94946ba86aecbb9c\" role=\"button\" data-toggle=\"collapse\" data-target=\"#b94946ba86aecbb9c\" href=\"#b94946ba86aecbb9c\"><span class=\"fusion-toggle-icon-wrapper\" aria-hidden=\"true\"><i class=\"fa-fusion-box active-icon fa-angle-right fas\" aria-hidden=\"true\"><\/i><i class=\"fa-fusion-box inactive-icon fa-angle-double-right fas\" aria-hidden=\"true\"><\/i><\/span><span class=\"fusion-toggle-heading\">contribution<\/span><\/a><\/h5><\/div><div id=\"b94946ba86aecbb9c\" class=\"panel-collapse collapse \" aria-labelledby=\"toggle_b94946ba86aecbb9c\"><div class=\"panel-body toggle-content fusion-clearfix\">\n<p>The &#8220;Diz A\u00ed&#8221; campaign, promoted by ISAAC Brazil in support of ISAAC International in 2023, addressed the communication vulnerability experienced by individuals globally, a challenge also present in hospital settings. Recognizing communication as a fundamental right, the speech therapy team at HTO Hospital implemented awareness actions to assist patients with communication difficulties during hospitalization. The activities took place in the hospital&#8217;s auditorium, featuring classes, lectures, and practical workshops. Experts discussed the importance of communication in recovery, emphasizing the negative impact of lack of interaction on patients&#8217; emotional well-being. The lectures featured renowned professionals in speech therapy, physiotherapy, and the medical team, who shared experiences regarding communication vulnerability. The workshops were a highlight, offering hands-on training in alternative communication methods, such as communication boards and apps, essential for facilitating interaction with patients who cannot express themselves verbally. In addition, they promoted the exchange of experiences among healthcare professionals, strengthening collaboration. The &#8220;Diz A\u00ed&#8221; campaign enhanced the skills of professionals but also fostered awareness within the hospital community about the importance of inclusive communication. In the end, participants reported increased confidence in dealing with patients in communication vulnerability situations, highlighting the positive impact of the initiative. The speech therapy team at HTO Hospital reaffirms its commitment to promoting communication as an essential pillar of healthcare, ensuring that all patients have a voice and are understood, regardless of their limitations.<\/p>\n<\/div><\/div><\/div><\/div><\/div><\/div><\/div><div class=\"fusion-layout-column fusion_builder_column_inner fusion-builder-nested-column-3 fusion_builder_column_inner_1_1 1_1 fusion-flex-column\" style=\"--awb-padding-top:12px;--awb-padding-right:12px;--awb-padding-bottom:2px;--awb-padding-left:12px;--awb-bg-color:#f2f2f2;--awb-bg-color-hover:#f2f2f2;--awb-bg-size:cover;--awb-border-color:#ffffff;--awb-border-top:0;--awb-border-right:0;--awb-border-bottom:2px;--awb-border-left:0;--awb-border-style:solid;--awb-width-large:100%;--awb-margin-top-large:0px;--awb-spacing-right-large:1.92%;--awb-margin-bottom-large:0px;--awb-spacing-left-large:1.92%;--awb-width-medium:100%;--awb-order-medium:0;--awb-spacing-right-medium:1.92%;--awb-spacing-left-medium:1.92%;--awb-width-small:100%;--awb-order-small:0;--awb-spacing-right-small:1.92%;--awb-spacing-left-small:1.92%;\"><div class=\"fusion-column-wrapper fusion-column-has-shadow fusion-flex-justify-content-flex-start fusion-content-layout-column\"><div class=\"fusion-text fusion-text-5\" style=\"--awb-text-transform:none;\"><p><strong>4 | <\/strong><strong>Stand der Implementierung von UK in den au\u00dferschulischen Einrichtungen der Eingliederungshilfe \u2013 Wohnen und Freizeit<br \/>\n<\/strong>J. H\u00fcllen<\/p>\n<\/div><div class=\"accordian fusion-accordian\" style=\"--awb-border-size:1px;--awb-icon-size:16px;--awb-content-font-size:14px;--awb-icon-alignment:left;--awb-hover-color:#f9f9fb;--awb-border-color:#e2e2e2;--awb-background-color:#ffffff;--awb-divider-color:#e2e2e2;--awb-divider-hover-color:#e2e2e2;--awb-icon-color:var(--awb-color5);--awb-title-color:var(--awb-color5);--awb-content-color:#3a3a3a;--awb-icon-box-color:var(--awb-color1);--awb-toggle-hover-accent-color:var(--awb-color4);--awb-title-font-family:-apple-system, BlinkMacSystemFont, &#039;Segoe UI&#039;, Roboto, Oxygen-Sans, Ubuntu, Cantarell, &#039;Helvetica Neue&#039; ,sans-serif;--awb-title-font-weight:400;--awb-title-font-style:normal;--awb-content-font-family:&quot;Open Sans&quot;;--awb-content-font-style:normal;--awb-content-font-weight:400;\"><div class=\"panel-group fusion-toggle-icon-unboxed\" id=\"accordion-12953-4\"><div class=\"fusion-panel panel-default panel-50f715932fb4ce6c0 fusion-toggle-has-divider\" style=\"--awb-title-color:var(--awb-color5);--awb-content-color:#3a3a3a;\"><div class=\"panel-heading\"><h5 class=\"panel-title toggle\" id=\"toggle_50f715932fb4ce6c0\"><a aria-expanded=\"false\" aria-controls=\"50f715932fb4ce6c0\" role=\"button\" data-toggle=\"collapse\" data-target=\"#50f715932fb4ce6c0\" href=\"#50f715932fb4ce6c0\"><span class=\"fusion-toggle-icon-wrapper\" aria-hidden=\"true\"><i class=\"fa-fusion-box active-icon fa-angle-right fas\" aria-hidden=\"true\"><\/i><i class=\"fa-fusion-box inactive-icon fa-angle-double-right fas\" aria-hidden=\"true\"><\/i><\/span><span class=\"fusion-toggle-heading\">contribution<\/span><\/a><\/h5><\/div><div id=\"50f715932fb4ce6c0\" class=\"panel-collapse collapse \" aria-labelledby=\"toggle_50f715932fb4ce6c0\"><div class=\"panel-body toggle-content fusion-clearfix\">\n<p>Im Rahmen des Studiums Master Rehabilitationswissenschaften, wurde im Schwerpunktfach UK ein Forschungspraktikum, dem Forschungs- &amp; Beratungszentrum f\u00fcr UK der UzK angegliedert, absolviert.<\/p>\n<p>Innerhalb des Forschungsvorhabens wurden gezielt die au\u00dferschulischen Wohn- und Freizeiteinrichtungen der Eingliederungshilfe fokussiert. Im Vordergrund stand die Frage, inwieweit UK in den au\u00dferschulischen Einrichtungen der Eingliederungshilfe \u2013 Wohnen und Freizeit \u2013 verankert ist. Um dies zu ermitteln wurde eine Adaption eines Erhebungsbogens vorgenommen, damit ein Zuschnitt auf die Zielgruppe erm\u00f6glicht werden konnte. Das Einzugsgebiet wurde auf NRW beschr\u00e4nkt und Mitarbeitende aus 34 Einrichtungen, sowohl f\u00fcr Kinder und Jugendliche als auch f\u00fcr Erwachsene, befragt. Die Erhebung wurde auch f\u00fcr Mitarbeitende ge\u00f6ffnet, die nicht mit UK arbeiten, um sich dem Stand der Implementierung anzun\u00e4hern. Die Motivation f\u00fcr dieses Forschungsvorhaben beruht auf 6-j\u00e4hriger beruflicher Erfahrung in einer Wohneinrichtung f\u00fcr Kinder und Jugendliche mit komplexer Behinderung und dem dringlichen Bedarf, mit gleichzeitigen Herausforderungen f\u00fcr die Implementierung von UK.<\/p>\n<p>Die Auswertung des Datensatzes erfolgte auf der Grundlage der statistischen Datenanalyse mittels SPSS. Die Stichprobe (N=36) teilt sich auf in 29 Personen, die angeben in einer Wohn-\/Betreuungseinrichtung f\u00fcr Menschen mit Behinderung zu arbeiten und 2 Personen, die angeben in einer Freizeiteinrichtung f\u00fcr Menschen mit Behinderung zu arbeiten. F\u00fcnf fehlende Antworten wurden ausgelassen. Hierbei sind Antworten aus Freizeiteinrichtungen wenig repr\u00e4sentiert. Innerhalb einer Diskussion k\u00f6nnte von Erfahrungen aus Freizeiteinrichtungen profitiert werden. Die Mehrheit (95,2%) gibt an, UK-Materialien in der Einrichtung zur Verf\u00fcgung zu haben, wovon 32,7% die Materialien erworben haben, in dem sie selbst erstellt wurden und nur 15,4% auf kostenlose Downloads zur\u00fcckgegriffen haben. Weitere Ergebnisse hinsichtlich des Materials und Themen wie UK-Fachkr\u00e4fte, Zufriedenheiten der Mitarbeitenden, Netzwerkarbeit sowie Konzept und Aussagen zu UK-Fachkr\u00e4ften und Haltungen der Mitarbeitenden zu UK in den Impulsvortrag eingebettet werden und zur Diskussion gestellt. Hier w\u00e4re es spannend, innerhalb von Diskussionen, Gemeinsamkeiten und Unterschiede in der praktischen Arbeit in au\u00dferschulischen Einrichtungen der Eingliederungshilfe herauszufinden. Auf Basis dessen, k\u00f6nnen L\u00f6sungsans\u00e4tze und Handlungsalternativen entstehen.<\/p>\n<\/div><\/div><\/div><\/div><\/div><\/div><\/div><div class=\"fusion-layout-column fusion_builder_column_inner fusion-builder-nested-column-4 fusion_builder_column_inner_1_1 1_1 fusion-flex-column\" style=\"--awb-padding-top:12px;--awb-padding-right:12px;--awb-padding-bottom:2px;--awb-padding-left:12px;--awb-bg-color:#f2f2f2;--awb-bg-color-hover:#f2f2f2;--awb-bg-size:cover;--awb-border-color:#ffffff;--awb-border-top:0;--awb-border-right:0;--awb-border-bottom:2px;--awb-border-left:0;--awb-border-style:solid;--awb-width-large:100%;--awb-margin-top-large:0px;--awb-spacing-right-large:1.92%;--awb-margin-bottom-large:0px;--awb-spacing-left-large:1.92%;--awb-width-medium:100%;--awb-order-medium:0;--awb-spacing-right-medium:1.92%;--awb-spacing-left-medium:1.92%;--awb-width-small:100%;--awb-order-small:0;--awb-spacing-right-small:1.92%;--awb-spacing-left-small:1.92%;\"><div class=\"fusion-column-wrapper fusion-column-has-shadow fusion-flex-justify-content-flex-start fusion-content-layout-column\"><div class=\"fusion-text fusion-text-6\" style=\"--awb-text-transform:none;\"><p><strong>5 | <\/strong><strong>Bundesweite Refinanzierung von UK-Leistungen<br \/>\n<\/strong>R. Koch<\/p>\n<\/div><div class=\"accordian fusion-accordian\" style=\"--awb-border-size:1px;--awb-icon-size:16px;--awb-content-font-size:14px;--awb-icon-alignment:left;--awb-hover-color:#f9f9fb;--awb-border-color:#e2e2e2;--awb-background-color:#ffffff;--awb-divider-color:#e2e2e2;--awb-divider-hover-color:#e2e2e2;--awb-icon-color:var(--awb-color5);--awb-title-color:var(--awb-color5);--awb-content-color:#3a3a3a;--awb-icon-box-color:var(--awb-color1);--awb-toggle-hover-accent-color:var(--awb-color4);--awb-title-font-family:-apple-system, BlinkMacSystemFont, &#039;Segoe UI&#039;, Roboto, Oxygen-Sans, Ubuntu, Cantarell, &#039;Helvetica Neue&#039; ,sans-serif;--awb-title-font-weight:400;--awb-title-font-style:normal;--awb-content-font-family:&quot;Open Sans&quot;;--awb-content-font-style:normal;--awb-content-font-weight:400;\"><div class=\"panel-group fusion-toggle-icon-unboxed\" id=\"accordion-12953-5\"><div class=\"fusion-panel panel-default panel-2b0c6842f804410e3 fusion-toggle-has-divider\" style=\"--awb-title-color:var(--awb-color5);--awb-content-color:#3a3a3a;\"><div class=\"panel-heading\"><h5 class=\"panel-title toggle\" id=\"toggle_2b0c6842f804410e3\"><a aria-expanded=\"false\" aria-controls=\"2b0c6842f804410e3\" role=\"button\" data-toggle=\"collapse\" data-target=\"#2b0c6842f804410e3\" href=\"#2b0c6842f804410e3\"><span class=\"fusion-toggle-icon-wrapper\" aria-hidden=\"true\"><i class=\"fa-fusion-box active-icon fa-angle-right fas\" aria-hidden=\"true\"><\/i><i class=\"fa-fusion-box inactive-icon fa-angle-double-right fas\" aria-hidden=\"true\"><\/i><\/span><span class=\"fusion-toggle-heading\">contribution<\/span><\/a><\/h5><\/div><div id=\"2b0c6842f804410e3\" class=\"panel-collapse collapse \" aria-labelledby=\"toggle_2b0c6842f804410e3\"><div class=\"panel-body toggle-content fusion-clearfix\">\n<div id=\"4a8ba10365cc5fb63\" class=\"panel-collapse collapse in\" aria-labelledby=\"toggle_4a8ba10365cc5fb63\">\n<div class=\"panel-body toggle-content fusion-clearfix\">\n<p><u>Arbeitskreis: GesUK e.V + BAG-BKOM e.V (vertreten durch Franca Hansen, Ruth Koch, Claudia Nu\u00df-Jansen)<\/u><\/p>\n<p>Im Rahmen der Ausstellung wird eine Deutschlandkarte pr\u00e4sentiert, auf der relevante UK-Arbeitskreise, Initiativen und Projekte lokalisiert und dokumentiert werden k\u00f6nnen. Ziel ist es, bestehende Ideen, Erfahrungen und Beispiele zur Refinanzierung von UK-Leistungen systematisch zu erfassen und sichtbar zu machen.<\/p>\n<p>Die Posterpr\u00e4sentation dient als Plattform f\u00fcr UK-Fachkr\u00e4ften, um sich \u00fcber aktuelle Konzepte und Modelle der Refinanzierung von UK-Leistungen auszutauschen. Die gesammelten Kontakte und Beispiele werden im Anschluss strukturiert aufbereitet, transparent zug\u00e4nglich gemacht und zur Weiterentwicklung eines \u00fcbergreifenden Vorschlags zur Refinanzierung von UK-Leistungen genutzt. Dieser Vorschlag wird im Anschluss des Kongresses zur weiteren Diskussion und Bearbeitung zur Verf\u00fcgung gestellt.<\/p>\n<\/div>\n<\/div>\n<\/div><\/div><\/div><\/div><\/div><\/div><\/div><div class=\"fusion-layout-column fusion_builder_column_inner fusion-builder-nested-column-5 fusion_builder_column_inner_1_1 1_1 fusion-flex-column\" style=\"--awb-padding-top:12px;--awb-padding-right:12px;--awb-padding-bottom:2px;--awb-padding-left:12px;--awb-bg-color:#f2f2f2;--awb-bg-color-hover:#f2f2f2;--awb-bg-size:cover;--awb-border-color:#ffffff;--awb-border-top:0;--awb-border-right:0;--awb-border-bottom:2px;--awb-border-left:0;--awb-border-style:solid;--awb-width-large:100%;--awb-margin-top-large:0px;--awb-spacing-right-large:1.92%;--awb-margin-bottom-large:0px;--awb-spacing-left-large:1.92%;--awb-width-medium:100%;--awb-order-medium:0;--awb-spacing-right-medium:1.92%;--awb-spacing-left-medium:1.92%;--awb-width-small:100%;--awb-order-small:0;--awb-spacing-right-small:1.92%;--awb-spacing-left-small:1.92%;\"><div class=\"fusion-column-wrapper fusion-column-has-shadow fusion-flex-justify-content-flex-start fusion-content-layout-column\"><div class=\"fusion-text fusion-text-7\" style=\"--awb-text-transform:none;\"><p><strong>6 | <\/strong><strong>Profis in eigener Sache<\/strong><strong><br \/>\n<\/strong>A. Wehrheim<\/p>\n<\/div><div class=\"accordian fusion-accordian\" style=\"--awb-border-size:1px;--awb-icon-size:16px;--awb-content-font-size:14px;--awb-icon-alignment:left;--awb-hover-color:#f9f9fb;--awb-border-color:#e2e2e2;--awb-background-color:#ffffff;--awb-divider-color:#e2e2e2;--awb-divider-hover-color:#e2e2e2;--awb-icon-color:var(--awb-color5);--awb-title-color:var(--awb-color5);--awb-content-color:#3a3a3a;--awb-icon-box-color:var(--awb-color1);--awb-toggle-hover-accent-color:var(--awb-color4);--awb-title-font-family:-apple-system, BlinkMacSystemFont, &#039;Segoe UI&#039;, Roboto, Oxygen-Sans, Ubuntu, Cantarell, &#039;Helvetica Neue&#039; ,sans-serif;--awb-title-font-weight:400;--awb-title-font-style:normal;--awb-content-font-family:&quot;Open Sans&quot;;--awb-content-font-style:normal;--awb-content-font-weight:400;\"><div class=\"panel-group fusion-toggle-icon-unboxed\" id=\"accordion-12953-6\"><div class=\"fusion-panel panel-default panel-865146280dd6c7457 fusion-toggle-has-divider\" style=\"--awb-title-color:var(--awb-color5);--awb-content-color:#3a3a3a;\"><div class=\"panel-heading\"><h5 class=\"panel-title toggle\" id=\"toggle_865146280dd6c7457\"><a aria-expanded=\"false\" aria-controls=\"865146280dd6c7457\" role=\"button\" data-toggle=\"collapse\" data-target=\"#865146280dd6c7457\" href=\"#865146280dd6c7457\"><span class=\"fusion-toggle-icon-wrapper\" aria-hidden=\"true\"><i class=\"fa-fusion-box active-icon fa-angle-right fas\" aria-hidden=\"true\"><\/i><i class=\"fa-fusion-box inactive-icon fa-angle-double-right fas\" aria-hidden=\"true\"><\/i><\/span><span class=\"fusion-toggle-heading\">contribution<\/span><\/a><\/h5><\/div><div id=\"865146280dd6c7457\" class=\"panel-collapse collapse \" aria-labelledby=\"toggle_865146280dd6c7457\"><div class=\"panel-body toggle-content fusion-clearfix\">tba<\/div><\/div><\/div><\/div><\/div><\/div><\/div><\/div><\/div><\/div><\/div><\/div><\/p>\n","protected":false},"excerpt":{"rendered":"","protected":false},"author":4,"featured_media":0,"parent":0,"menu_order":0,"comment_status":"closed","ping_status":"closed","template":"100-width.php","meta":{"footnotes":""},"class_list":["post-12953","page","type-page","status-publish","hentry"],"yoast_head":"<!-- This site is optimized with the Yoast SEO plugin v27.1.1 - https:\/\/yoast.com\/product\/yoast-seo-wordpress\/ -->\n<title>Poster Exhibition - Kongress der Gesellschaft f\u00fcr Unterst\u00fctzte Kommunikation 2025<\/title>\n<meta name=\"robots\" content=\"index, follow, max-snippet:-1, max-image-preview:large, max-video-preview:-1\" \/>\n<link rel=\"canonical\" href=\"https:\/\/uk-kongress.org\/en\/poster-exhibition\/\" \/>\n<meta property=\"og:locale\" content=\"en_US\" \/>\n<meta property=\"og:type\" content=\"article\" \/>\n<meta property=\"og:title\" content=\"Poster Exhibition - Kongress der Gesellschaft f\u00fcr Unterst\u00fctzte Kommunikation 2025\" \/>\n<meta property=\"og:url\" content=\"https:\/\/uk-kongress.org\/en\/poster-exhibition\/\" \/>\n<meta property=\"og:site_name\" content=\"Kongress der Gesellschaft f\u00fcr Unterst\u00fctzte Kommunikation 2025\" \/>\n<meta property=\"article:modified_time\" content=\"2025-10-23T07:22:53+00:00\" \/>\n<meta name=\"twitter:card\" content=\"summary_large_image\" \/>\n<meta name=\"twitter:label1\" content=\"Est. reading time\" \/>\n\t<meta name=\"twitter:data1\" content=\"7 minutes\" \/>\n<script type=\"application\/ld+json\" class=\"yoast-schema-graph\">{\"@context\":\"https:\/\/schema.org\",\"@graph\":[{\"@type\":\"WebPage\",\"@id\":\"https:\/\/uk-kongress.org\/en\/poster-exhibition\/\",\"url\":\"https:\/\/uk-kongress.org\/en\/poster-exhibition\/\",\"name\":\"Poster Exhibition - Kongress der Gesellschaft f\u00fcr Unterst\u00fctzte Kommunikation 2025\",\"isPartOf\":{\"@id\":\"https:\/\/uk-kongress.org\/en\/#website\"},\"datePublished\":\"2023-04-13T12:38:43+00:00\",\"dateModified\":\"2025-10-23T07:22:53+00:00\",\"breadcrumb\":{\"@id\":\"https:\/\/uk-kongress.org\/en\/poster-exhibition\/#breadcrumb\"},\"inLanguage\":\"en-US\",\"potentialAction\":[{\"@type\":\"ReadAction\",\"target\":[\"https:\/\/uk-kongress.org\/en\/poster-exhibition\/\"]}]},{\"@type\":\"BreadcrumbList\",\"@id\":\"https:\/\/uk-kongress.org\/en\/poster-exhibition\/#breadcrumb\",\"itemListElement\":[{\"@type\":\"ListItem\",\"position\":1,\"name\":\"Startseite\",\"item\":\"https:\/\/uk-kongress.org\/en\/\"},{\"@type\":\"ListItem\",\"position\":2,\"name\":\"Poster Exhibition\"}]},{\"@type\":\"WebSite\",\"@id\":\"https:\/\/uk-kongress.org\/en\/#website\",\"url\":\"https:\/\/uk-kongress.org\/en\/\",\"name\":\"Kongress der Gesellschaft f\u00fcr Unterst\u00fctzte Kommunikation 2025\",\"description\":\"Eine weitere WordPress-Website\",\"potentialAction\":[{\"@type\":\"SearchAction\",\"target\":{\"@type\":\"EntryPoint\",\"urlTemplate\":\"https:\/\/uk-kongress.org\/en\/?s={search_term_string}\"},\"query-input\":{\"@type\":\"PropertyValueSpecification\",\"valueRequired\":true,\"valueName\":\"search_term_string\"}}],\"inLanguage\":\"en-US\"}]}<\/script>\n<!-- \/ Yoast SEO plugin. -->","yoast_head_json":{"title":"Poster Exhibition - Kongress der Gesellschaft f\u00fcr Unterst\u00fctzte Kommunikation 2025","robots":{"index":"index","follow":"follow","max-snippet":"max-snippet:-1","max-image-preview":"max-image-preview:large","max-video-preview":"max-video-preview:-1"},"canonical":"https:\/\/uk-kongress.org\/en\/poster-exhibition\/","og_locale":"en_US","og_type":"article","og_title":"Poster Exhibition - Kongress der Gesellschaft f\u00fcr Unterst\u00fctzte Kommunikation 2025","og_url":"https:\/\/uk-kongress.org\/en\/poster-exhibition\/","og_site_name":"Kongress der Gesellschaft f\u00fcr Unterst\u00fctzte Kommunikation 2025","article_modified_time":"2025-10-23T07:22:53+00:00","twitter_card":"summary_large_image","twitter_misc":{"Est. reading time":"7 minutes"},"schema":{"@context":"https:\/\/schema.org","@graph":[{"@type":"WebPage","@id":"https:\/\/uk-kongress.org\/en\/poster-exhibition\/","url":"https:\/\/uk-kongress.org\/en\/poster-exhibition\/","name":"Poster Exhibition - Kongress der Gesellschaft f\u00fcr Unterst\u00fctzte Kommunikation 2025","isPartOf":{"@id":"https:\/\/uk-kongress.org\/en\/#website"},"datePublished":"2023-04-13T12:38:43+00:00","dateModified":"2025-10-23T07:22:53+00:00","breadcrumb":{"@id":"https:\/\/uk-kongress.org\/en\/poster-exhibition\/#breadcrumb"},"inLanguage":"en-US","potentialAction":[{"@type":"ReadAction","target":["https:\/\/uk-kongress.org\/en\/poster-exhibition\/"]}]},{"@type":"BreadcrumbList","@id":"https:\/\/uk-kongress.org\/en\/poster-exhibition\/#breadcrumb","itemListElement":[{"@type":"ListItem","position":1,"name":"Startseite","item":"https:\/\/uk-kongress.org\/en\/"},{"@type":"ListItem","position":2,"name":"Poster Exhibition"}]},{"@type":"WebSite","@id":"https:\/\/uk-kongress.org\/en\/#website","url":"https:\/\/uk-kongress.org\/en\/","name":"Kongress der Gesellschaft f\u00fcr Unterst\u00fctzte Kommunikation 2025","description":"Eine weitere WordPress-Website","potentialAction":[{"@type":"SearchAction","target":{"@type":"EntryPoint","urlTemplate":"https:\/\/uk-kongress.org\/en\/?s={search_term_string}"},"query-input":{"@type":"PropertyValueSpecification","valueRequired":true,"valueName":"search_term_string"}}],"inLanguage":"en-US"}]}},"_links":{"self":[{"href":"https:\/\/uk-kongress.org\/en\/wp-json\/wp\/v2\/pages\/12953","targetHints":{"allow":["GET"]}}],"collection":[{"href":"https:\/\/uk-kongress.org\/en\/wp-json\/wp\/v2\/pages"}],"about":[{"href":"https:\/\/uk-kongress.org\/en\/wp-json\/wp\/v2\/types\/page"}],"author":[{"embeddable":true,"href":"https:\/\/uk-kongress.org\/en\/wp-json\/wp\/v2\/users\/4"}],"replies":[{"embeddable":true,"href":"https:\/\/uk-kongress.org\/en\/wp-json\/wp\/v2\/comments?post=12953"}],"version-history":[{"count":10,"href":"https:\/\/uk-kongress.org\/en\/wp-json\/wp\/v2\/pages\/12953\/revisions"}],"predecessor-version":[{"id":13526,"href":"https:\/\/uk-kongress.org\/en\/wp-json\/wp\/v2\/pages\/12953\/revisions\/13526"}],"wp:attachment":[{"href":"https:\/\/uk-kongress.org\/en\/wp-json\/wp\/v2\/media?parent=12953"}],"curies":[{"name":"wp","href":"https:\/\/api.w.org\/{rel}","templated":true}]}}